{"id":8787,"date":"2023-10-27T10:11:22","date_gmt":"2023-10-27T11:11:22","guid":{"rendered":"http:\/\/www.stj.cv\/?page_id=8787"},"modified":"2023-11-16T14:41:20","modified_gmt":"2023-11-16T15:41:20","slug":"noticias-eventos","status":"publish","type":"page","link":"https:\/\/www.stj.cv\/index.php\/noticias-eventos\/","title":{"rendered":"NOT\u00cdCIAS | EVENTOS"},"content":{"rendered":"\t\t<div data-elementor-type=\"wp-page\" data-elementor-id=\"8787\" class=\"elementor elementor-8787\">\n\t\t\t\t\t\t<section class=\"elementor-section elementor-top-section elementor-element elementor-element-a02e8e0 elementor-section-boxed elementor-section-height-default elementor-section-height-default\" data-id=\"a02e8e0\" data-element_type=\"section\" data-e-type=\"section\">\n\t\t\t\t\t\t<div class=\"elementor-container elementor-column-gap-default\">\n\t\t\t\t\t<div class=\"elementor-column elementor-col-100 elementor-top-column elementor-element elementor-element-ac30d1a\" data-id=\"ac30d1a\" data-element_type=\"column\" data-e-type=\"column\">\n\t\t\t<div class=\"elementor-widget-wrap elementor-element-populated\">\n\t\t\t\t\t\t<div class=\"elementor-element elementor-element-669a34e premium-blog-align-left elementor-widget elementor-widget-premium-addon-blog\" data-id=\"669a34e\" data-element_type=\"widget\" data-e-type=\"widget\" data-settings=\"{&quot;force_height&quot;:&quot;true&quot;,&quot;premium_blog_grid&quot;:&quot;yes&quot;,&quot;premium_blog_layout&quot;:&quot;even&quot;,&quot;premium_blog_columns_number&quot;:&quot;50%&quot;,&quot;premium_blog_columns_number_tablet&quot;:&quot;50%&quot;,&quot;premium_blog_columns_number_mobile&quot;:&quot;100%&quot;,&quot;scroll_to_offset&quot;:&quot;yes&quot;}\" data-widget_type=\"premium-addon-blog.default\">\n\t\t\t\t<div class=\"elementor-widget-container\">\n\t\t\t\t\t\n\t\t\n\n\t\t\t\t<div class=\"premium-blog-wrap  premium-blog-even\" data-page=\"8787\" data-pagination=\"true\">\n\t\t\t\t\t\t\t\t\t<div class=\"premium-blog-post-outer-container\" data-total=\"7\">\n\t\t\t<div class=\"premium-blog-post-container premium-blog-skin-cards\">\n\t\t\t\t\t\t\t\t\t<div class=\"premium-blog-thumb-effect-wrapper\">\n\t\t\t\t\t\t<div class=\"premium-blog-thumbnail-container premium-blog-zoomin-effect\">\n\t\t\t\t\t\t\t\t\t\t\t<a href=\"https:\/\/www.stj.cv\/index.php\/2026\/03\/04\/supremo-tribunal-de-justica-recebe-do-banco-de-cabo-verde-medalhas-comemorativas-dos-50-anos\/\" target=\"_blank\">\n\t\t\t\t<img fetchpriority=\"high\" decoding=\"async\" width=\"960\" height=\"1280\" src=\"https:\/\/www.stj.cv\/wp-content\/uploads\/2026\/03\/WhatsApp-Image-2026-03-03-at-11.45.08.jpeg\" class=\"attachment-1536x1536 size-1536x1536 wp-image-12599\" alt=\"\" srcset=\"https:\/\/www.stj.cv\/wp-content\/uploads\/2026\/03\/WhatsApp-Image-2026-03-03-at-11.45.08.jpeg 960w, https:\/\/www.stj.cv\/wp-content\/uploads\/2026\/03\/WhatsApp-Image-2026-03-03-at-11.45.08-225x300.jpeg 225w, https:\/\/www.stj.cv\/wp-content\/uploads\/2026\/03\/WhatsApp-Image-2026-03-03-at-11.45.08-768x1024.jpeg 768w, https:\/\/www.stj.cv\/wp-content\/uploads\/2026\/03\/WhatsApp-Image-2026-03-03-at-11.45.08-600x800.jpeg 600w\" sizes=\"(max-width: 960px) 100vw, 960px\" \/>\t\t\t\t<\/a>\n\t\t\t\t\t\t\t\t\t\t<\/div>\n\t\t\t\t\t\t\t\t\t\t\t\t\t<div class=\"premium-blog-effect-container premium-blog-framed-effect\">\n\t\t\t\t\t\t\t\t<a class=\"premium-blog-post-link\" href=\"https:\/\/www.stj.cv\/index.php\/2026\/03\/04\/supremo-tribunal-de-justica-recebe-do-banco-de-cabo-verde-medalhas-comemorativas-dos-50-anos\/\" target=\"_blank\"><span>Supremo Tribunal de Justi\u00e7a recebe do Banco de Cabo Verde Medalhas Comemorativas dos 50 anos<\/span><\/a>\n\t\t\t\t\t\t\t\t\t\t\t\t\t\t\t<\/div>\n\t\t\t\t\t\t\t\t\t\t\t<\/div>\n\t\t\t\t\t\t\t\t\t\t\t\t\t\t\t\t\t\t\t<div class=\"premium-blog-author-thumbnail\">\n\t\t\t\t\t\t\t\t\t\t\t\t\t<\/div>\n\t\t\t\t\t\t\t\t\t\t\t\t\t<div class=\"premium-blog-content-wrapper \">\n\n\t\t\t\t\t<div class=\"premium-blog-inner-container\">\n\n\t\t\t\t\t\t\t\t\t\t\t\t\t\t<h2 class=\"premium-blog-entry-title\">\n\t\t\t<a href=\"https:\/\/www.stj.cv\/index.php\/2026\/03\/04\/supremo-tribunal-de-justica-recebe-do-banco-de-cabo-verde-medalhas-comemorativas-dos-50-anos\/\" target=\"_blank\">\n\t\t\t\tSupremo Tribunal de Justi\u00e7a recebe do Banco de Cabo Verde Medalhas Comemorativas dos 50 anos\t\t\t<\/a>\n\t\t<\/h2>\n\t\t\n\t\t\t\t\t<\/div>\n\n\t\t\t\t\t\t\t<div class=\"premium-blog-content-inner-wrapper\">\n\t\t<p class=\"premium-blog-post-content\">Supremo Tribunal de Justi\u00e7a recebe do Banco de Cabo Verde Medalhas Comemorativas dos 50 anos O Presidente do Supremo Tribunal de Justi\u00e7a, Juiz Conselheiro Benfeito Mosso Ramos, recebeu, no dia 03 de mar\u00e7o de 2026, uma visita de cortesia do Governador do Banco de Cabo Verde, Dr. \u00d3scar Santos, que se fez acompanhar dos Administradores [&hellip;]<\/p>\t\t<\/div>\n\t\t\t\t<div class=\"premium-blog-entry-meta\">\n\t\t\t\n\t\t\t\t\t\t\t<span class=\"premium-blog-meta-separator\">\u2022<\/span>\n\t\t\t\t<div class=\"premium-blog-post-time premium-blog-meta-data\">\n\t\t\t\t\t<i class=\"fa fa-calendar-alt\" aria-hidden=\"true\"><\/i>\n\t\t\t\t\t<span>March 4, 2026<\/span>\n\t\t\t\t<\/div>\n\t\t\t\n\t\t\t\n\t\t\t\t\t<\/div>\n\t\t\t\t\t\t\t\n\t\t\t\t<\/div>\n\t\t\t<\/div>\n\t\t<\/div>\n\n\t\t\t\t<div class=\"premium-blog-post-outer-container\" data-total=\"7\">\n\t\t\t<div class=\"premium-blog-post-container premium-blog-skin-cards\">\n\t\t\t\t\t\t\t\t\t<div class=\"premium-blog-thumb-effect-wrapper\">\n\t\t\t\t\t\t<div class=\"premium-blog-thumbnail-container premium-blog-zoomin-effect\">\n\t\t\t\t\t\t\t\t\t\t\t<a href=\"https:\/\/www.stj.cv\/index.php\/2026\/02\/27\/presidente-do-supremo-tribunal-de-justica-recebe-visita-de-cortesia-de-conselheiro-especial-senior-dos-estados-unidos-da-america\/\" target=\"_blank\">\n\t\t\t\t<img decoding=\"async\" width=\"1536\" height=\"1083\" src=\"https:\/\/www.stj.cv\/wp-content\/uploads\/2026\/02\/DSC_0666-1536x1083.jpg\" class=\"attachment-1536x1536 size-1536x1536 wp-image-12585\" alt=\"\" srcset=\"https:\/\/www.stj.cv\/wp-content\/uploads\/2026\/02\/DSC_0666-1536x1083.jpg 1536w, https:\/\/www.stj.cv\/wp-content\/uploads\/2026\/02\/DSC_0666-300x212.jpg 300w, https:\/\/www.stj.cv\/wp-content\/uploads\/2026\/02\/DSC_0666-1024x722.jpg 1024w, https:\/\/www.stj.cv\/wp-content\/uploads\/2026\/02\/DSC_0666-768x542.jpg 768w, https:\/\/www.stj.cv\/wp-content\/uploads\/2026\/02\/DSC_0666-2048x1445.jpg 2048w, https:\/\/www.stj.cv\/wp-content\/uploads\/2026\/02\/DSC_0666-600x423.jpg 600w\" sizes=\"(max-width: 1536px) 100vw, 1536px\" \/>\t\t\t\t<\/a>\n\t\t\t\t\t\t\t\t\t\t<\/div>\n\t\t\t\t\t\t\t\t\t\t\t\t\t<div class=\"premium-blog-effect-container premium-blog-framed-effect\">\n\t\t\t\t\t\t\t\t<a class=\"premium-blog-post-link\" href=\"https:\/\/www.stj.cv\/index.php\/2026\/02\/27\/presidente-do-supremo-tribunal-de-justica-recebe-visita-de-cortesia-de-conselheiro-especial-senior-dos-estados-unidos-da-america\/\" target=\"_blank\"><span>Presidente do Supremo Tribunal de Justi\u00e7a recebe visita de cortesia de Conselheiro Especial S\u00e9nior dos Estados Unidos da Am\u00e9rica<\/span><\/a>\n\t\t\t\t\t\t\t\t\t\t\t\t\t\t\t<\/div>\n\t\t\t\t\t\t\t\t\t\t\t<\/div>\n\t\t\t\t\t\t\t\t\t\t\t\t\t\t\t\t\t\t\t<div class=\"premium-blog-author-thumbnail\">\n\t\t\t\t\t\t\t\t\t\t\t\t\t<\/div>\n\t\t\t\t\t\t\t\t\t\t\t\t\t<div class=\"premium-blog-content-wrapper \">\n\n\t\t\t\t\t<div class=\"premium-blog-inner-container\">\n\n\t\t\t\t\t\t\t\t\t\t\t\t\t\t<h2 class=\"premium-blog-entry-title\">\n\t\t\t<a href=\"https:\/\/www.stj.cv\/index.php\/2026\/02\/27\/presidente-do-supremo-tribunal-de-justica-recebe-visita-de-cortesia-de-conselheiro-especial-senior-dos-estados-unidos-da-america\/\" target=\"_blank\">\n\t\t\t\tPresidente do Supremo Tribunal de Justi\u00e7a recebe visita de cortesia de Conselheiro Especial S\u00e9nior dos Estados Unidos da Am\u00e9rica\t\t\t<\/a>\n\t\t<\/h2>\n\t\t\n\t\t\t\t\t<\/div>\n\n\t\t\t\t\t\t\t<div class=\"premium-blog-content-inner-wrapper\">\n\t\t<p class=\"premium-blog-post-content\">Presidente do Supremo Tribunal de Justi\u00e7a recebe visita de cortesia de Conselheiro Especial S\u00e9nior dos Estados Unidos da Am\u00e9rica O Presidente do Supremo Tribunal de Justi\u00e7a, Juiz Conselheiro Benfeito Mosso Ramos, recebeu, no dia 25 de fevereiro de 2026, uma visita de cortesia do Dr. Carlos Rodrigues, Conselheiro Especial S\u00e9nior do Gabinete de Assuntos Internacionais [&hellip;]<\/p>\t\t<\/div>\n\t\t\t\t<div class=\"premium-blog-entry-meta\">\n\t\t\t\n\t\t\t\t\t\t\t<span class=\"premium-blog-meta-separator\">\u2022<\/span>\n\t\t\t\t<div class=\"premium-blog-post-time premium-blog-meta-data\">\n\t\t\t\t\t<i class=\"fa fa-calendar-alt\" aria-hidden=\"true\"><\/i>\n\t\t\t\t\t<span>February 27, 2026<\/span>\n\t\t\t\t<\/div>\n\t\t\t\n\t\t\t\n\t\t\t\t\t<\/div>\n\t\t\t\t\t\t\t\n\t\t\t\t<\/div>\n\t\t\t<\/div>\n\t\t<\/div>\n\n\t\t\t\t<div class=\"premium-blog-post-outer-container\" data-total=\"7\">\n\t\t\t<div class=\"premium-blog-post-container premium-blog-skin-cards\">\n\t\t\t\t\t\t\t\t\t<div class=\"premium-blog-thumb-effect-wrapper\">\n\t\t\t\t\t\t<div class=\"premium-blog-thumbnail-container premium-blog-zoomin-effect\">\n\t\t\t\t\t\t\t\t\t\t\t<a href=\"https:\/\/www.stj.cv\/index.php\/2026\/02\/17\/novas-juizas-conselheiras-no-supremo-tribunal-de-justica\/\" target=\"_blank\">\n\t\t\t\t<img decoding=\"async\" width=\"1536\" height=\"1092\" src=\"https:\/\/www.stj.cv\/wp-content\/uploads\/2026\/02\/631640183_1340756781430371_6152389427117056153_n-1536x1092.jpg\" class=\"attachment-1536x1536 size-1536x1536 wp-image-12571\" alt=\"\" srcset=\"https:\/\/www.stj.cv\/wp-content\/uploads\/2026\/02\/631640183_1340756781430371_6152389427117056153_n-1536x1092.jpg 1536w, https:\/\/www.stj.cv\/wp-content\/uploads\/2026\/02\/631640183_1340756781430371_6152389427117056153_n-300x213.jpg 300w, https:\/\/www.stj.cv\/wp-content\/uploads\/2026\/02\/631640183_1340756781430371_6152389427117056153_n-1024x728.jpg 1024w, https:\/\/www.stj.cv\/wp-content\/uploads\/2026\/02\/631640183_1340756781430371_6152389427117056153_n-768x546.jpg 768w, https:\/\/www.stj.cv\/wp-content\/uploads\/2026\/02\/631640183_1340756781430371_6152389427117056153_n-600x426.jpg 600w, https:\/\/www.stj.cv\/wp-content\/uploads\/2026\/02\/631640183_1340756781430371_6152389427117056153_n.jpg 1600w\" sizes=\"(max-width: 1536px) 100vw, 1536px\" \/>\t\t\t\t<\/a>\n\t\t\t\t\t\t\t\t\t\t<\/div>\n\t\t\t\t\t\t\t\t\t\t\t\t\t<div class=\"premium-blog-effect-container premium-blog-framed-effect\">\n\t\t\t\t\t\t\t\t<a class=\"premium-blog-post-link\" href=\"https:\/\/www.stj.cv\/index.php\/2026\/02\/17\/novas-juizas-conselheiras-no-supremo-tribunal-de-justica\/\" target=\"_blank\"><span>Novas Ju\u00edzas Conselheiras no Supremo Tribunal de Justi\u00e7a<\/span><\/a>\n\t\t\t\t\t\t\t\t\t\t\t\t\t\t\t<\/div>\n\t\t\t\t\t\t\t\t\t\t\t<\/div>\n\t\t\t\t\t\t\t\t\t\t\t\t\t\t\t\t\t\t\t<div class=\"premium-blog-author-thumbnail\">\n\t\t\t\t\t\t\t\t\t\t\t\t\t<\/div>\n\t\t\t\t\t\t\t\t\t\t\t\t\t<div class=\"premium-blog-content-wrapper \">\n\n\t\t\t\t\t<div class=\"premium-blog-inner-container\">\n\n\t\t\t\t\t\t\t\t\t\t\t\t\t\t<h2 class=\"premium-blog-entry-title\">\n\t\t\t<a href=\"https:\/\/www.stj.cv\/index.php\/2026\/02\/17\/novas-juizas-conselheiras-no-supremo-tribunal-de-justica\/\" target=\"_blank\">\n\t\t\t\tNovas Ju\u00edzas Conselheiras no Supremo Tribunal de Justi\u00e7a\t\t\t<\/a>\n\t\t<\/h2>\n\t\t\n\t\t\t\t\t<\/div>\n\n\t\t\t\t\t\t\t<div class=\"premium-blog-content-inner-wrapper\">\n\t\t<p class=\"premium-blog-post-content\">Novas Ju\u00edzas Conselheiras no Supremo Tribunal de Justi\u00e7a Teve lugar, no passado dia 12 de fevereiro, no Pal\u00e1cio da Presid\u00eancia da Rep\u00fablica, presidida por Sua Excel\u00eancia o Presidente da Rep\u00fablica, Dr. Jos\u00e9 Maria Neves, a cerim\u00f4nia de tomada de posse das novas Ju\u00edzas Conselheiras do Supremo Tribunal de Justi\u00e7a Rosa Branco Vicente e Helena Alves [&hellip;]<\/p>\t\t<\/div>\n\t\t\t\t<div class=\"premium-blog-entry-meta\">\n\t\t\t\n\t\t\t\t\t\t\t<span class=\"premium-blog-meta-separator\">\u2022<\/span>\n\t\t\t\t<div class=\"premium-blog-post-time premium-blog-meta-data\">\n\t\t\t\t\t<i class=\"fa fa-calendar-alt\" aria-hidden=\"true\"><\/i>\n\t\t\t\t\t<span>February 17, 2026<\/span>\n\t\t\t\t<\/div>\n\t\t\t\n\t\t\t\n\t\t\t\t\t<\/div>\n\t\t\t\t\t\t\t\n\t\t\t\t<\/div>\n\t\t\t<\/div>\n\t\t<\/div>\n\n\t\t\t\t<div class=\"premium-blog-post-outer-container\" data-total=\"7\">\n\t\t\t<div class=\"premium-blog-post-container premium-blog-skin-cards\">\n\t\t\t\t\t\t\t\t\t<div class=\"premium-blog-thumb-effect-wrapper\">\n\t\t\t\t\t\t<div class=\"premium-blog-thumbnail-container premium-blog-zoomin-effect\">\n\t\t\t\t\t\t\t\t\t\t\t<a href=\"https:\/\/www.stj.cv\/index.php\/2025\/12\/11\/juiz-conselheiro-anildo-martins-deixa-o-stj\/\" target=\"_blank\">\n\t\t\t\t<img loading=\"lazy\" decoding=\"async\" width=\"1280\" height=\"960\" src=\"https:\/\/www.stj.cv\/wp-content\/uploads\/2025\/12\/WhatsApp-Image-2025-12-10-at-12.56.04.jpeg\" class=\"attachment-1536x1536 size-1536x1536 wp-image-12491\" alt=\"\" srcset=\"https:\/\/www.stj.cv\/wp-content\/uploads\/2025\/12\/WhatsApp-Image-2025-12-10-at-12.56.04.jpeg 1280w, https:\/\/www.stj.cv\/wp-content\/uploads\/2025\/12\/WhatsApp-Image-2025-12-10-at-12.56.04-300x225.jpeg 300w, https:\/\/www.stj.cv\/wp-content\/uploads\/2025\/12\/WhatsApp-Image-2025-12-10-at-12.56.04-1024x768.jpeg 1024w, https:\/\/www.stj.cv\/wp-content\/uploads\/2025\/12\/WhatsApp-Image-2025-12-10-at-12.56.04-768x576.jpeg 768w, https:\/\/www.stj.cv\/wp-content\/uploads\/2025\/12\/WhatsApp-Image-2025-12-10-at-12.56.04-600x450.jpeg 600w\" sizes=\"(max-width: 1280px) 100vw, 1280px\" \/>\t\t\t\t<\/a>\n\t\t\t\t\t\t\t\t\t\t<\/div>\n\t\t\t\t\t\t\t\t\t\t\t\t\t<div class=\"premium-blog-effect-container premium-blog-framed-effect\">\n\t\t\t\t\t\t\t\t<a class=\"premium-blog-post-link\" href=\"https:\/\/www.stj.cv\/index.php\/2025\/12\/11\/juiz-conselheiro-anildo-martins-deixa-o-stj\/\" target=\"_blank\"><span>Juiz Conselheiro Anildo Martins deixa o STJ<\/span><\/a>\n\t\t\t\t\t\t\t\t\t\t\t\t\t\t\t<\/div>\n\t\t\t\t\t\t\t\t\t\t\t<\/div>\n\t\t\t\t\t\t\t\t\t\t\t\t\t\t\t\t\t\t\t<div class=\"premium-blog-author-thumbnail\">\n\t\t\t\t\t\t\t\t\t\t\t\t\t<\/div>\n\t\t\t\t\t\t\t\t\t\t\t\t\t<div class=\"premium-blog-content-wrapper \">\n\n\t\t\t\t\t<div class=\"premium-blog-inner-container\">\n\n\t\t\t\t\t\t\t\t\t\t\t\t\t\t<h2 class=\"premium-blog-entry-title\">\n\t\t\t<a href=\"https:\/\/www.stj.cv\/index.php\/2025\/12\/11\/juiz-conselheiro-anildo-martins-deixa-o-stj\/\" target=\"_blank\">\n\t\t\t\tJuiz Conselheiro Anildo Martins deixa o STJ\t\t\t<\/a>\n\t\t<\/h2>\n\t\t\n\t\t\t\t\t<\/div>\n\n\t\t\t\t\t\t\t<div class=\"premium-blog-content-inner-wrapper\">\n\t\t<p class=\"premium-blog-post-content\">Juiz Conselheiro Anildo Martins deixa o STJ Teve lugar no dia 05 de dezembro de 2025, de manh\u00e3, a cerim\u00f3nia de despedida do Juiz Conselheiro Anildo Martins, que cessa as fun\u00e7\u00f5es no Supremo Tribunal de Justi\u00e7a, para assumir as de Inspetor Superior Judicial, no Conselho Superior da Magistratura Judicial. O ato contou com a presen\u00e7a [&hellip;]<\/p>\t\t<\/div>\n\t\t\t\t<div class=\"premium-blog-entry-meta\">\n\t\t\t\n\t\t\t\t\t\t\t<span class=\"premium-blog-meta-separator\">\u2022<\/span>\n\t\t\t\t<div class=\"premium-blog-post-time premium-blog-meta-data\">\n\t\t\t\t\t<i class=\"fa fa-calendar-alt\" aria-hidden=\"true\"><\/i>\n\t\t\t\t\t<span>December 11, 2025<\/span>\n\t\t\t\t<\/div>\n\t\t\t\n\t\t\t\n\t\t\t\t\t<\/div>\n\t\t\t\t\t\t\t\n\t\t\t\t<\/div>\n\t\t\t<\/div>\n\t\t<\/div>\n\n\t\t\t\t\t\t\t<\/div>\n\n\t\t\t\t\t<div class=\"premium-blog-footer\">\n\t\t\t\t\t\t\t<nav class=\"premium-blog-pagination-container\" role=\"navigation\" aria-label=\"Pagination\">\n\t\t\t\t<span aria-current=\"page\" class=\"page-numbers current\">1<\/span>\n<a class=\"page-numbers\" href=\"https:\/\/www.stj.cv\/index.php\/wp-json\/wp\/v2\/pages\/8787\/page\/2\/\">2<\/a>\n<a class=\"page-numbers\" href=\"https:\/\/www.stj.cv\/index.php\/wp-json\/wp\/v2\/pages\/8787\/page\/3\/\">3<\/a>\n<a class=\"page-numbers\" href=\"https:\/\/www.stj.cv\/index.php\/wp-json\/wp\/v2\/pages\/8787\/page\/4\/\">4<\/a>\n<a class=\"next page-numbers\" href=\"https:\/\/www.stj.cv\/index.php\/wp-json\/wp\/v2\/pages\/8787\/page\/2\/\">Next \u00bb<\/a>\t\t\t<\/nav>\n\t\t\t\t\t\t<\/div>\n\t\t\n\t\t\n\t\t\t\t\t\t<\/div>\n\t\t\t\t<\/div>\n\t\t\t\t\t<\/div>\n\t\t<\/div>\n\t\t\t\t\t<\/div>\n\t\t<\/section>\n\t\t\t\t<\/div>\n\t\t","protected":false},"excerpt":{"rendered":"<p>Cerim\u00f4nia Solene de Abertura do Ano Judicial 2023\/2024 Cerim\u00f4nia Solene de Abertura do Ano Judicial 2023\/2024 Realizada a Cerim\u00f3nia Solene de Abertura do Ano Judicial 2023\/2024 Organizada pelo Supremo Tribunal da Justi\u00e7a, teve lugar na passada sexta feira, 3 de\u00a0\u00a0 Novembro, na sala de audi\u00eancia do Pal\u00e1cio de Justi\u00e7a, na Cidade da Praia, a cerim\u00f3nia [&hellip;]<\/p>\n","protected":false},"author":1,"featured_media":0,"parent":0,"menu_order":0,"comment_status":"closed","ping_status":"closed","template":"","meta":{"footnotes":""},"class_list":["post-8787","page","type-page","status-publish","hentry"],"jetpack_sharing_enabled":true,"_links":{"self":[{"href":"https:\/\/www.stj.cv\/index.php\/wp-json\/wp\/v2\/pages\/8787","targetHints":{"allow":["GET"]}}],"collection":[{"href":"https:\/\/www.stj.cv\/index.php\/wp-json\/wp\/v2\/pages"}],"about":[{"href":"https:\/\/www.stj.cv\/index.php\/wp-json\/wp\/v2\/types\/page"}],"author":[{"embeddable":true,"href":"https:\/\/www.stj.cv\/index.php\/wp-json\/wp\/v2\/users\/1"}],"replies":[{"embeddable":true,"href":"https:\/\/www.stj.cv\/index.php\/wp-json\/wp\/v2\/comments?post=8787"}],"version-history":[{"count":35,"href":"https:\/\/www.stj.cv\/index.php\/wp-json\/wp\/v2\/pages\/8787\/revisions"}],"predecessor-version":[{"id":9434,"href":"https:\/\/www.stj.cv\/index.php\/wp-json\/wp\/v2\/pages\/8787\/revisions\/9434"}],"wp:attachment":[{"href":"https:\/\/www.stj.cv\/index.php\/wp-json\/wp\/v2\/media?parent=8787"}],"curies":[{"name":"wp","href":"https:\/\/api.w.org\/{rel}","templated":true}]}}